{"id":389,"date":"2024-11-15T13:10:23","date_gmt":"2024-11-15T12:10:23","guid":{"rendered":"http:\/\/lasensible.com\/?page_id=389"},"modified":"2026-05-04T11:16:51","modified_gmt":"2026-05-04T09:16:51","slug":"en-tournee","status":"publish","type":"page","link":"https:\/\/lasensible.com\/?page_id=389","title":{"rendered":"CALENDRIER"},"content":{"rendered":"<div ><style id=\"wp_carousel_dynamic_css464\">#sp-wp-carousel-free-id-464.sp-wpcp-464 .wpcp-single-item {border: 1px solid #dddddd;}#sp-wp-carousel-free-id-464.sp-wpcp-464 .swiper-button-prev,#sp-wp-carousel-free-id-464.sp-wpcp-464 .swiper-button-next,#sp-wp-carousel-free-id-464.sp-wpcp-464 .swiper-button-prev:hover,#sp-wp-carousel-free-id-464.sp-wpcp-464 .swiper-button-next:hover {background: none;border: none;font-size: 30px;}#sp-wp-carousel-free-id-464.sp-wpcp-464 .swiper-button-prev i,#sp-wp-carousel-free-id-464.sp-wpcp-464 .swiper-button-next i {color: #aaa;}#sp-wp-carousel-free-id-464.sp-wpcp-464 .swiper-button-prev i:hover,#sp-wp-carousel-free-id-464.sp-wpcp-464 .swiper-button-next i:hover {color: #178087;}#sp-wp-carousel-free-id-464.sp-wpcp-464 .wpcp-swiper-dots .swiper-pagination-bullet {background-color: #cccccc;}#sp-wp-carousel-free-id-464.sp-wpcp-464 .wpcp-swiper-dots .swiper-pagination-bullet.swiper-pagination-bullet-active {background-color: #178087;} #sp-wp-carousel-free-id-464.sp-wpcp-464.wpcp-image-carousel .wpcp-single-item:hover img, #sp-wp-carousel-free-id-464.sp-wpcp-464.wpcp-post-carousel .wpcp-single-item:hover img, #sp-wp-carousel-free-id-464.sp-wpcp-464.wpcp-product-carousel .wpcp-single-item:hover img{-webkit-transform: scale(1.2);-moz-transform: scale(1.2);transform: scale(1.2);}#sp-wp-carousel-free-id-464 .wpcpro-row>[class*=\"wpcpro-col-\"] { padding: 0 10px; padding-bottom: 20px;}@media (min-width: 480px) { .wpcpro-row .wpcpro-col-sm-1 { flex: 0 0 100%; max-width: 100%; } .wpcpro-row .wpcpro-col-sm-2 { flex: 0 0 50%; max-width: 50%; } .wpcpro-row .wpcpro-col-sm-2-5 { flex: 0 0 75%; max-width: 75%; } .wpcpro-row .wpcpro-col-sm-3 { flex: 0 0 33.333%; max-width: 33.333%; } .wpcpro-row .wpcpro-col-sm-4 { flex: 0 0 25%; max-width: 25%; } .wpcpro-row .wpcpro-col-sm-5 { flex: 0 0 20%; max-width: 20%; } .wpcpro-row .wpcpro-col-sm-6 { flex: 0 0 16.66666666666667%; max-width: 16.66666666666667%; } .wpcpro-row .wpcpro-col-sm-7 { flex: 0 0 14.28571428%; max-width: 14.28571428%; } .wpcpro-row .wpcpro-col-sm-8 { flex: 0 0 12.5%; max-width: 12.5%; } } @media (max-width: 480px) { .wpcpro-row .wpcpro-col-xs-1 { flex: 0 0 100%; max-width: 100%; } .wpcpro-row .wpcpro-col-xs-2 { flex: 0 0 50%; max-width: 50%; } .wpcpro-row .wpcpro-col-xs-3 { flex: 0 0 33.222%; max-width: 33.222%; } .wpcpro-row .wpcpro-col-xs-4 { flex: 0 0 25%; max-width: 25%; } .wpcpro-row .wpcpro-col-xs-5 { flex: 0 0 20%; max-width: 20%; } .wpcpro-row .wpcpro-col-xs-6 { flex: 0 0 16.6667%; max-width: 16.6667%; } .wpcpro-row .wpcpro-col-xs-7 { flex: 0 0 14.28571428%; max-width: 14.28571428%; } .wpcpro-row .wpcpro-col-xs-8 { flex: 0 0 12.5%; max-width: 12.5%; } } @media (min-width: 736px) { .wpcpro-row .wpcpro-col-md-1 { flex: 0 0 100%; max-width: 100%; } .wpcpro-row .wpcpro-col-md-2 { flex: 0 0 50%; max-width: 50%; } .wpcpro-row .wpcpro-col-md-2-5 { flex: 0 0 75%; max-width: 75%; } .wpcpro-row .wpcpro-col-md-3 { flex: 0 0 33.333%; max-width: 33.333%; } .wpcpro-row .wpcpro-col-md-4 { flex: 0 0 25%; max-width: 25%; } .wpcpro-row .wpcpro-col-md-5 { flex: 0 0 20%; max-width: 20%; } .wpcpro-row .wpcpro-col-md-6 { flex: 0 0 16.66666666666667%; max-width: 16.66666666666667%; } .wpcpro-row .wpcpro-col-md-7 { flex: 0 0 14.28571428%; max-width: 14.28571428%; } .wpcpro-row .wpcpro-col-md-8 { flex: 0 0 12.5%; max-width: 12.5%; } } @media (min-width: 980px) { .wpcpro-row .wpcpro-col-lg-1 { flex: 0 0 100%; max-width: 100%; } .wpcpro-row .wpcpro-col-lg-2 { flex: 0 0 50%; max-width: 50%; } .wpcpro-row .wpcpro-col-lg-3 { flex: 0 0 33.222%; max-width: 33.222%; } .wpcpro-row .wpcpro-col-lg-4 { flex: 0 0 25%; max-width: 25%; } .wpcpro-row .wpcpro-col-lg-5 { flex: 0 0 20%; max-width: 20%; } .wpcpro-row .wpcpro-col-lg-6 { flex: 0 0 16.6667%; max-width: 16.6667%; } .wpcpro-row .wpcpro-col-lg-7 { flex: 0 0 14.28571428%; max-width: 14.28571428%; } .wpcpro-row .wpcpro-col-lg-8 { flex: 0 0 12.5%; max-width: 12.5%; } } @media (min-width: 1200px) { .wpcpro-row .wpcpro-col-xl-1 { flex: 0 0 100%; max-width: 100%; } .wpcpro-row .wpcpro-col-xl-2 { flex: 0 0 50%; max-width: 50%; } .wpcpro-row .wpcpro-col-xl-3 { flex: 0 0 33.22222222%; max-width: 33.22222222%; } .wpcpro-row .wpcpro-col-xl-4 { flex: 0 0 25%; max-width: 25%; } .wpcpro-row .wpcpro-col-xl-5 { flex: 0 0 20%; max-width: 20%; } .wpcpro-row .wpcpro-col-xl-6 { flex: 0 0 16.66667%; max-width: 16.66667%; } .wpcpro-row .wpcpro-col-xl-7 { flex: 0 0 14.28571428%; max-width: 14.28571428%; } .wpcpro-row .wpcpro-col-xl-8 { flex: 0 0 12.5%; max-width: 12.5%; } }<\/style><div class=\"wpcp-carousel-wrapper wpcp-wrapper-464\">\n\t<div id=\"wpcp-preloader-464\" class=\"wpcp-carousel-preloader\"><img decoding=\"async\" src=\"https:\/\/lasensible.com\/wp-content\/plugins\/wp-carousel-free\/public\/css\/spinner.svg\" alt=\"Preloader Image\" \/><\/div>\t<div id=\"sp-wp-carousel-free-id-464\" class=\"wpcp-carousel-section sp-wpcp-464 wpcp-gallery-wrapper wpcp-image-carousel wpcp-preloader\" >\n\t\t<div class=\"wpcpro-row\">\n\t\t\t<div class=\"wpcpro-col-xs-1 wpcpro-col-sm-2  wpcpro-col-md-3 wpcpro-col-lg-4 wpcpro-col-xl-5\">\n\t<div class=\"wpcp-single-item\">\n\t\t\t<a class=\"wcp-light-box\" data-buttons='[\"close\"]' data-wpc_url='https:\/\/lasensible.com\/wp-content\/uploads\/2024\/10\/Circo-Pirulo1-1024x683.jpg' href=\"https:\/\/lasensible.com\/wp-content\/uploads\/2024\/10\/Circo-Pirulo1-1024x683.jpg\" data-fancybox=\"wpcp_view\">\n\t\t<figure>\n\t\t\t<img loading=\"lazy\" decoding=\"async\" class=\"skip-lazy\" src=\"https:\/\/lasensible.com\/wp-content\/uploads\/2024\/10\/Circo-Pirulo1-1024x683.jpg\" alt=\"Circo Pirulo1\" width=\"840\" height=\"560\">\t\t<\/figure>\n\t<\/a>\n\t\t<\/div>\n<\/div>\n\t<div class=\"wpcpro-col-xs-1 wpcpro-col-sm-2  wpcpro-col-md-3 wpcpro-col-lg-4 wpcpro-col-xl-5\">\n\t<div class=\"wpcp-single-item\">\n\t\t\t<a class=\"wcp-light-box\" data-buttons='[\"close\"]' data-wpc_url='https:\/\/lasensible.com\/wp-content\/uploads\/2024\/09\/Oiseau--1024x683.jpg' href=\"https:\/\/lasensible.com\/wp-content\/uploads\/2024\/09\/Oiseau--1024x683.jpg\" data-fancybox=\"wpcp_view\">\n\t\t<figure>\n\t\t\t<img loading=\"lazy\" decoding=\"async\" class=\"skip-lazy\" src=\"https:\/\/lasensible.com\/wp-content\/uploads\/2024\/09\/Oiseau--1024x683.jpg\" alt=\"Oiseau\" width=\"840\" height=\"560\">\t\t<\/figure>\n\t<\/a>\n\t\t<\/div>\n<\/div>\n\t<div class=\"wpcpro-col-xs-1 wpcpro-col-sm-2  wpcpro-col-md-3 wpcpro-col-lg-4 wpcpro-col-xl-5\">\n\t<div class=\"wpcp-single-item\">\n\t\t\t<a class=\"wcp-light-box\" data-buttons='[\"close\"]' data-wpc_url='https:\/\/lasensible.com\/wp-content\/uploads\/2024\/10\/CabarettO-5-\u00a9DMugica-1024x683.jpg' href=\"https:\/\/lasensible.com\/wp-content\/uploads\/2024\/10\/CabarettO-5-\u00a9DMugica-1024x683.jpg\" data-fancybox=\"wpcp_view\">\n\t\t<figure>\n\t\t\t<img loading=\"lazy\" decoding=\"async\" class=\"skip-lazy\" src=\"https:\/\/lasensible.com\/wp-content\/uploads\/2024\/10\/CabarettO-5-\u00a9DMugica-1024x683.jpg\" alt=\"CabarettO 5 \u00a9DMugica\" width=\"840\" height=\"560\">\t\t<\/figure>\n\t<\/a>\n\t\t<\/div>\n<\/div>\n\t<div class=\"wpcpro-col-xs-1 wpcpro-col-sm-2  wpcpro-col-md-3 wpcpro-col-lg-4 wpcpro-col-xl-5\">\n\t<div class=\"wpcp-single-item\">\n\t\t\t<a class=\"wcp-light-box\" data-buttons='[\"close\"]' data-wpc_url='https:\/\/lasensible.com\/wp-content\/uploads\/2024\/11\/Lionardo1-1.jpg' href=\"https:\/\/lasensible.com\/wp-content\/uploads\/2024\/11\/Lionardo1-1.jpg\" data-fancybox=\"wpcp_view\">\n\t\t<figure>\n\t\t\t<img loading=\"lazy\" decoding=\"async\" class=\"skip-lazy\" src=\"https:\/\/lasensible.com\/wp-content\/uploads\/2024\/11\/Lionardo1-1.jpg\" alt=\"Lionardo1\" width=\"840\" height=\"602\">\t\t<\/figure>\n\t<\/a>\n\t\t<\/div>\n<\/div>\n\t<div class=\"wpcpro-col-xs-1 wpcpro-col-sm-2  wpcpro-col-md-3 wpcpro-col-lg-4 wpcpro-col-xl-5\">\n\t<div class=\"wpcp-single-item\">\n\t\t\t<a class=\"wcp-light-box\" data-buttons='[\"close\"]' data-wpc_url='https:\/\/lasensible.com\/wp-content\/uploads\/2024\/10\/DSC03711D-OK-1024x683.jpg' href=\"https:\/\/lasensible.com\/wp-content\/uploads\/2024\/10\/DSC03711D-OK-1024x683.jpg\" data-fancybox=\"wpcp_view\">\n\t\t<figure>\n\t\t\t<img loading=\"lazy\" decoding=\"async\" class=\"skip-lazy\" src=\"https:\/\/lasensible.com\/wp-content\/uploads\/2024\/10\/DSC03711D-OK-1024x683.jpg\" alt=\"DSC03711D-OK\" width=\"840\" height=\"560\">\t\t<\/figure>\n\t<\/a>\n\t\t<\/div>\n<\/div>\n\t\t\t<\/div>\n\t<\/div>\n\t<\/div> <!-- \/\/ Carousel Wrapper. -->\n<\/div>\n\n\n<p class=\"has-small-font-size wp-block-paragraph\" style=\"text-transform:uppercase\"><\/p>\n\n\n\n<p class=\"has-link-color has-small-font-size wp-elements-1 wp-block-paragraph\" style=\"text-transform:uppercase\"><\/p>\n\n\n\n<p class=\"has-link-color has-small-font-size wp-elements-2 wp-block-paragraph\" style=\"text-transform:none\"><\/p>\n\n\n\n<p class=\"has-link-color has-small-font-size wp-elements-3 wp-block-paragraph\" style=\"text-transform:none\"><\/p>\n\n\n\n<p class=\"has-link-color has-small-font-size wp-elements-4 wp-block-paragraph\" style=\"text-transform:none\">JANV 2026 <\/p>\n\n\n\n<p class=\"has-vivid-cyan-blue-color has-text-color has-link-color has-small-font-size wp-elements-5 wp-block-paragraph\" style=\"text-transform:none\">5 au 10 janvier <strong>Voir le loup (Version duo)<\/strong>. R\u00e9sidence Voir le loupII Espace Jacques Villeret \u00e0 Tours (37).<\/p>\n\n\n\n<p class=\"has-luminous-vivid-amber-color has-text-color has-link-color has-small-font-size wp-elements-6 wp-block-paragraph\" style=\"text-transform:none\">24 janv. <strong>L\u00e9on, du vent dans les plumes<\/strong>. Noyons (60<em>) <\/em>\u00e0 10h30 et 14h30. <\/p>\n\n\n\n<p class=\"has-vivid-red-color has-text-color has-link-color has-small-font-size wp-elements-7 wp-block-paragraph\">30 janv. <strong>Circo Pirulo<\/strong> &#8211; Th\u00e9\u00e2tre en herbe (28) \u00e0 20h. <\/p>\n\n\n\n<p class=\"has-link-color has-small-font-size wp-elements-8 wp-block-paragraph\" style=\"text-transform:none\">FEV 2026<\/p>\n\n\n\n<p class=\"has-vivid-cyan-blue-color has-text-color has-link-color has-small-font-size wp-elements-9 wp-block-paragraph\" style=\"text-transform:none\">7 fev. <strong>Voir le loup Version solo<\/strong>. Auditorium \u00e0 Val d&rsquo;Europe (77) \u00e0 20H30 <\/p>\n\n\n\n<p class=\"has-vivid-cyan-blue-color has-text-color has-link-color has-small-font-size wp-elements-10 wp-block-paragraph\" style=\"text-transform:none\">10 fev. <strong>Voir le loup<\/strong> Version solo<em> <\/em><strong>Th\u00e9\u00e2tre de Nogent le Rotrou<\/strong> (28). \u00e0 10h30 et 14h30.<em> <\/em><\/p>\n\n\n\n<p class=\"has-vivid-purple-color has-text-color has-link-color has-small-font-size wp-elements-11 wp-block-paragraph\" style=\"text-transform:none\">14 fev. <strong>Qui a croqu\u00e9 ma pomme ?<\/strong> M\u00e9diath\u00e8que d&rsquo;Ezanville. (95). \u00e0 9h45 et 11h. <\/p>\n\n\n\n<p class=\"has-vivid-cyan-blue-color has-text-color has-link-color has-small-font-size wp-elements-12 wp-block-paragraph\" style=\"text-transform:none\">20 fev. <strong>Voir le loup<\/strong> Version solo Festival <strong>Vite au th\u00e9\u00e2tre,<\/strong> <strong>th\u00e9\u00e2tre Nicolas Peskine<\/strong> \u00e0 Blois (41). \u00e0 10h.<\/p>\n\n\n\n<p class=\"has-link-color has-small-font-size wp-elements-13 wp-block-paragraph\" style=\"text-transform:none\">MARS 2026<\/p>\n\n\n\n<p class=\"has-vivid-cyan-blue-color has-text-color has-link-color has-small-font-size wp-elements-14 wp-block-paragraph\" style=\"text-transform:none\">9 au 13 mars. <strong>Voir le loup (Version duo)<\/strong>. R\u00e9sidence <strong>Voir le loup II<\/strong> Th\u00e9\u00e2tre du Grand Orme (41). <\/p>\n\n\n\n<p class=\"has-vivid-cyan-blue-color has-text-color has-link-color has-small-font-size wp-elements-15 wp-block-paragraph\" style=\"text-transform:none\"><mark style=\"background-color:rgba(0, 0, 0, 0)\" class=\"has-inline-color has-light-green-cyan-color\">Du 16 au 20 mars. Pura Vida, l&rsquo;Homme Carnaval. R\u00e9sidence \u00e0 LouHenrie (41)<\/mark><\/p>\n\n\n\n<p class=\"has-vivid-purple-color has-text-color has-link-color has-small-font-size wp-elements-16 wp-block-paragraph\" style=\"text-transform:none\">19 mars <strong>Qui a croqu\u00e9 ma pomme ?<\/strong> \u00e0 Chennevi\u00e8res (94) \u00e0 10h <\/p>\n\n\n\n<p class=\"has-vivid-purple-color has-text-color has-link-color has-small-font-size wp-elements-17 wp-block-paragraph\" style=\"text-transform:none\">21 mars <strong>Qui a croqu\u00e9 ma pomme ?<\/strong> \u00e0 Alfortville (94) \u00e0 10h et 11h.<\/p>\n\n\n\n<p class=\"has-vivid-cyan-blue-color has-text-color has-link-color has-small-font-size wp-elements-18 wp-block-paragraph\" style=\"text-transform:none\">18 mars. <strong>Voir le loup Version solo<\/strong>. Festival Livre comme l&rsquo;air. M\u00e9diath\u00e8que Anna Langfus de Sarcelles (95) \u00e0 10h30.<\/p>\n\n\n\n<p class=\"has-vivid-cyan-blue-color has-text-color has-link-color has-small-font-size wp-elements-19 wp-block-paragraph\" style=\"text-transform:none\">18 mars. <strong>Voir le loup Version solo<\/strong>.  Festival Livre comme l&rsquo;air. M\u00e9diath\u00e8que de Coulanges \u00e0 Gonesse (95) \u00e0 15h.<\/p>\n\n\n\n<p class=\"has-vivid-cyan-blue-color has-text-color has-link-color has-small-font-size wp-elements-20 wp-block-paragraph\" style=\"text-transform:none\">21 mars. <strong>Voir le loup Version solo<\/strong>.  Festival Livre comme l&rsquo;air. Auditorium de la m\u00e9diath\u00e8que Simone Veil \u00e0 Sarcelles, (95) \u00e0 14h30  <\/p>\n\n\n\n<p class=\"has-vivid-purple-color has-text-color has-link-color has-small-font-size wp-elements-21 wp-block-paragraph\" style=\"text-transform:none\">26 mars. <strong>Qui a croqu\u00e9 ma pomme ?<\/strong> \u00e0 Ormesson (94) \u00e0 10h. <em>(cr\u00e8ches)<\/em><\/p>\n\n\n\n<p class=\"has-vivid-purple-color has-text-color has-link-color has-small-font-size wp-elements-22 wp-block-paragraph\" style=\"text-transform:none\">28 mars. <strong>Qui a croqu\u00e9 ma pomme ?<\/strong> \u00e0 Ormesson (94) \u00e0 10h30<em> (tout public)<\/em><\/p>\n\n\n\n<p class=\"has-vivid-cyan-blue-color has-text-color has-link-color has-small-font-size wp-elements-23 wp-block-paragraph\" style=\"text-transform:none\">28 mars.<strong> Voir le loup (Version duo)<\/strong> Espace Jacques Villeret. Festival Bruissements d&rsquo;elles. (37). \u00e0 15h30<\/p>\n\n\n\n<p class=\"has-link-color has-small-font-size wp-elements-24 wp-block-paragraph\" style=\"text-transform:none\">AVRIL 2026<\/p>\n\n\n\n<p class=\"has-vivid-cyan-blue-color has-text-color has-link-color has-small-font-size wp-elements-25 wp-block-paragraph\" style=\"text-transform:none\"><mark style=\"background-color:rgba(0, 0, 0, 0)\" class=\"has-inline-color has-light-green-cyan-color\">Du 6 au 10 avril. Pura Vida, l&rsquo;Homme Carnaval. R\u00e9sidence  \u00e0 Chemery (41).<\/mark><\/p>\n\n\n\n<p class=\"has-vivid-cyan-blue-color has-text-color has-link-color has-small-font-size wp-elements-26 wp-block-paragraph\" style=\"text-transform:none\">8 avril. <strong>Voir le loup (Version duo)<\/strong> Espace Malraux (37) \u00e0 15h<\/p>\n\n\n\n<p class=\"has-vivid-cyan-blue-color has-text-color has-link-color has-small-font-size wp-elements-27 wp-block-paragraph\" style=\"text-transform:none\">9 avril. <strong>Voir le loup (Version duo)<\/strong> Espace Malraux (37) \u00e0 9h45 et 14h30<\/p>\n\n\n\n<p class=\"has-luminous-vivid-amber-color has-text-color has-link-color has-small-font-size wp-elements-28 wp-block-paragraph\" style=\"text-transform:none\">11 avril. <strong>L\u00e9on, du vent dans les plumes<\/strong>. \u00e0 Orsay (91) <\/p>\n\n\n\n<p class=\"has-link-color has-small-font-size wp-elements-29 wp-block-paragraph\" style=\"text-transform:none\">MAI 2026 <\/p>\n\n\n\n<p class=\"has-vivid-cyan-blue-color has-text-color has-link-color has-small-font-size wp-elements-30 wp-block-paragraph\" style=\"text-transform:none\"><mark style=\"background-color:rgba(0, 0, 0, 0)\" class=\"has-inline-color has-light-green-cyan-color\">Du 4 au 8 mai. Pura Vida, l&rsquo;Homme Carnaval. R\u00e9sidence \u00e0 la Pratique \u00e0 Vatan (36). Sortie de r\u00e9sidence le 7 mai \u00e0 19h.  <\/mark><\/p>\n\n\n\n<p class=\"has-vivid-cyan-blue-color has-text-color has-link-color has-small-font-size wp-elements-31 wp-block-paragraph\" style=\"text-transform:none\">6 mai.  <strong>Voir le loup (version solo)<\/strong> Centre culturel Joseph Kesselet. Villepinte (93). \u00e0 14h30<\/p>\n\n\n\n<p class=\"has-vivid-cyan-blue-color has-text-color has-link-color has-small-font-size wp-elements-32 wp-block-paragraph\" style=\"text-transform:none\">7 mai. <strong>Voir le loup (version solo)<\/strong> Centre culturel Joseph Kesselet. Villepinte (93). \u00e0 14h30<\/p>\n\n\n\n<p class=\"has-vivid-purple-color has-text-color has-link-color has-small-font-size wp-elements-33 wp-block-paragraph\" style=\"text-transform:none\">6 mai. <strong>Qui a croqu\u00e9 ma pomme ?<\/strong> Festival petite enfance \/ m\u00e9diath\u00e8que Les Lavandi\u00e8res de Leuville sur Orge.. (91). \u00e0 10h30<\/p>\n\n\n\n<p class=\"has-vivid-purple-color has-text-color has-link-color has-small-font-size wp-elements-34 wp-block-paragraph\" style=\"text-transform:none\">9 mai. <strong>Qui a croqu\u00e9 ma pomme ?<\/strong> Festival petite enfance \/ m\u00e9diath\u00e8que Andr\u00e9 Chedid de Villemoisson sur Orge.. (91). \u00e0 16h30.<\/p>\n\n\n\n<p class=\"has-vivid-red-color has-text-color has-link-color has-small-font-size wp-elements-35 wp-block-paragraph\">28 mai : <strong>Circo Pirulo<\/strong> au festival du Libre \u00e0 Aulnay sous bois. Biblioth\u00e8que Elsa Triolet (93) \u00e0 10h <\/p>\n\n\n\n<p class=\"has-vivid-purple-color has-text-color has-link-color has-small-font-size wp-elements-36 wp-block-paragraph\" style=\"text-transform:none\">29 mai. <strong>Qui a croqu\u00e9 ma pomme ?<\/strong> Festival petite enfance \/ m\u00e9diath\u00e8que d&rsquo;Ollainville. (91). \u00e0 16h30.<\/p>\n\n\n\n<p class=\"has-vivid-cyan-blue-color has-text-color has-link-color has-small-font-size wp-elements-37 wp-block-paragraph\" style=\"text-transform:none\"><mark style=\"background-color:rgba(0, 0, 0, 0)\" class=\"has-inline-color has-pale-pink-color\">30 mai : Batucada Tik y toca \u00e0 F\u00eate de la bi\u00e8re \u00e0 C\u00e9r\u00e9 La Ronde (37). <\/mark><\/p>\n\n\n\n<p class=\"has-link-color has-small-font-size wp-elements-38 wp-block-paragraph\" style=\"text-transform:none\">JUIN 2026 <\/p>\n\n\n\n<p class=\"has-luminous-vivid-orange-color has-text-color has-link-color has-small-font-size wp-elements-39 wp-block-paragraph\" style=\"text-transform:none\">6 juin. CabarettO &#8211; Festival de Mesland (41) <\/p>\n\n\n\n<p class=\"has-luminous-vivid-amber-color has-text-color has-link-color has-small-font-size wp-elements-40 wp-block-paragraph\" style=\"text-transform:none\">13 juin. <strong>L\u00e9on, du vent dans les plumes<\/strong>. \u00e0 Nemours (77)<\/p>\n\n\n\n<p class=\"has-vivid-cyan-blue-color has-text-color has-link-color has-small-font-size wp-elements-41 wp-block-paragraph\" style=\"text-transform:none\"><mark style=\"background-color:rgba(0, 0, 0, 0)\" class=\"has-inline-color has-pale-pink-color\">2<mark style=\"background-color:rgba(0, 0, 0, 0)\" class=\"has-inline-color has-pale-pink-color\">0 juin : Batucada Tik y toca \u00e0 Montrichard (41)<\/mark>. <\/mark><\/p>\n\n\n\n<p class=\"has-vivid-red-color has-text-color has-link-color has-small-font-size wp-elements-42 wp-block-paragraph\">28 juin : <strong>Circo Pirulo<\/strong> \u00e0 la f\u00eate de la nature \u00e0 Villentrois (36). <\/p>\n\n\n\n<p class=\"has-link-color has-small-font-size wp-elements-43 wp-block-paragraph\" style=\"text-transform:none\">JUILLET 2026 <\/p>\n\n\n\n<p class=\"has-vivid-purple-color has-text-color has-link-color has-small-font-size wp-elements-44 wp-block-paragraph\" style=\"text-transform:none\">1er juil. <strong>Qui a croqu\u00e9 ma pomme ?<\/strong> MCL de Taverny (95)<\/p>\n\n\n\n<p class=\"has-vivid-purple-color has-text-color has-link-color has-small-font-size wp-elements-45 wp-block-paragraph\" style=\"text-transform:none\">2 juil. <strong>Qui a croqu\u00e9 ma pomme ?<\/strong> Maison d&rsquo;arr\u00eat de Fleury M\u00e9rogis. (91) \u00e0 16h. <\/p>\n\n\n\n<p class=\"has-vivid-cyan-blue-color has-text-color has-link-color has-small-font-size wp-elements-46 wp-block-paragraph\" style=\"text-transform:none\">Du 8 au 23 juillet. Voir le loup (version duo) Cour du spectateur \u00e0 Avignon. \u00e0 9h50<\/p>\n\n\n\n<p class=\"has-luminous-vivid-orange-color has-text-color has-link-color has-small-font-size wp-elements-47 wp-block-paragraph\" style=\"text-transform:none\">16 juil. <strong>CabarettO<\/strong> Festival les Montoirieuses \u00e0 Montoire-sur-le Loir (41)<\/p>\n\n\n\n<p class=\"has-luminous-vivid-orange-color has-text-color has-link-color has-small-font-size wp-elements-48 wp-block-paragraph\" style=\"text-transform:none\">17 juil. <strong>CabarettO. <\/strong>Festival de Th\u00e9\u00e2tre aux lavoirs. Ponc\u00e9 sur le Loir (72). <\/p>\n\n\n\n<p class=\"has-vivid-cyan-blue-color has-text-color has-link-color has-small-font-size wp-elements-49 wp-block-paragraph\" style=\"text-transform:none\"><mark style=\"background-color:rgba(0, 0, 0, 0)\" class=\"has-inline-color has-pale-pink-color\">19 juil. <strong>Batucada Tik y toca<\/strong> \u00e0 la f\u00eate des Lumas \u00e0 Mareuil sur Cher (41).<\/mark><\/p>\n\n\n\n<p class=\"has-vivid-cyan-blue-color has-text-color has-link-color has-small-font-size wp-elements-50 wp-block-paragraph\" style=\"text-transform:none\"><mark style=\"background-color:rgba(0, 0, 0, 0)\" class=\"has-inline-color has-pale-pink-color\">25 juil. <strong>Batucada Tik y toca<\/strong> \u00e0 Monthou sur Cher (41)<\/mark><\/p>\n\n\n\n<p class=\"has-link-color has-small-font-size wp-elements-51 wp-block-paragraph\" style=\"text-transform:none\">AOUT 2026 <\/p>\n\n\n\n<p class=\"has-vivid-red-color has-text-color has-link-color has-small-font-size wp-elements-52 wp-block-paragraph\">Du 19 au 22 aout : <strong>Circo Pirulo <\/strong>dans la Cour du spectateur au Festival d\u2019Aurillac (15) \u00e0 11h25.<\/p>\n\n\n\n<p class=\"has-link-color has-small-font-size wp-elements-53 wp-block-paragraph\" style=\"text-transform:none\">SEPTEMBRE 2026 <\/p>\n\n\n\n<p class=\"has-luminous-vivid-orange-color has-text-color has-link-color has-small-font-size wp-elements-54 wp-block-paragraph\" style=\"text-transform:none\">20 sept. CabarettO. Cheverny (41). Avec Festill\u00e9simes41.&nbsp;<\/p>\n\n\n\n<p class=\"has-link-color has-small-font-size wp-elements-55 wp-block-paragraph\" style=\"text-transform:none\">OCTOBRE 2026 <\/p>\n\n\n\n<p class=\"has-luminous-vivid-amber-color has-text-color has-link-color has-small-font-size wp-elements-56 wp-block-paragraph\" style=\"text-transform:none\"> 4 oct. <strong>L\u00e9on, du vent dans les plumes<\/strong>. Senlis (60). Festival du livre jeunesse. X2 repr\u00e9sentations.<\/p>\n\n\n\n<p class=\"has-vivid-red-color has-text-color has-link-color has-small-font-size wp-elements-57 wp-block-paragraph\">13 oct : <strong>Circo Pirulo<\/strong> \u00e0 Lucay le m\u00e2le (36). Avec la <a href=\"http:\/\/com.com\">com.com<\/a> Ecueill\u00e9 \u2013 Valen\u00e7ay<\/p>\n\n\n\n<p class=\"has-luminous-vivid-amber-color has-text-color has-link-color has-small-font-size wp-elements-58 wp-block-paragraph\" style=\"text-transform:none\">27 oct. <strong>L\u00e9on, du vent dans les plumes<\/strong>. Festival de la bib. d\u00e9partementale de la Somme (80). <\/p>\n\n\n\n<p class=\"has-vivid-purple-color has-text-color has-link-color has-small-font-size wp-elements-59 wp-block-paragraph\" style=\"text-transform:none\">28 oct. <strong>Qui a croqu\u00e9 ma pomme ?<\/strong> Biblioth\u00e8que d\u00e9partementale de la Somme. (80) <\/p>\n\n\n\n<p class=\"has-link-color has-small-font-size wp-elements-60 wp-block-paragraph\" style=\"text-transform:none\">NOVEMBRE 2026 <\/p>\n\n\n\n<p class=\"has-luminous-vivid-amber-color has-text-color has-link-color has-small-font-size wp-elements-61 wp-block-paragraph\" style=\"text-transform:none\">4 et 5 nov.  <strong>L\u00e9on, du vent dans les plumes<\/strong>. V\u00e9soul (70) Biblioth\u00e8que d\u00e9partementale de la Haute Sa\u00f4ne. Label Premi\u00e8res Pages. X3 repr\u00e9sentations <\/p>\n\n\n\n<p class=\"has-vivid-purple-color has-text-color has-link-color has-small-font-size wp-elements-62 wp-block-paragraph\" style=\"text-transform:none\">6 nov. <strong>Qui a croqu\u00e9 ma pomme ?<\/strong> RAM de Valen\u00e7ay (option)<\/p>\n\n\n\n<p class=\"has-luminous-vivid-amber-color has-text-color has-link-color has-small-font-size wp-elements-63 wp-block-paragraph\" style=\"text-transform:none\">21 Nov. <strong>L\u00e9on, du vent dans les plumes<\/strong> \u00e0 la biblioth\u00e8que de Saint Pierre des corps (37) \u00e0 10h30<\/p>\n\n\n\n<p class=\"has-luminous-vivid-orange-color has-text-color has-link-color has-small-font-size wp-elements-64 wp-block-paragraph\" style=\"text-transform:none\">25 Nov. <strong>Cabarett<\/strong>O \u00e0 L\u2019Entracte \u00e0 Romorantin (41).<\/p>\n\n\n\n<p class=\"has-link-color has-small-font-size wp-elements-65 wp-block-paragraph\" style=\"text-transform:none\">DECEMBRE 2026<\/p>\n\n\n\n<p class=\"wp-block-paragraph\"><\/p>\n\n\n\n<p class=\"wp-block-paragraph\"><\/p>\n\n\n\n<p class=\"wp-block-paragraph\"><\/p>\n\n\n\n<p class=\"wp-block-paragraph\"><\/p>\n\n\n\n<p class=\"has-vivid-cyan-blue-color has-text-color has-link-color has-small-font-size wp-elements-66 wp-block-paragraph\" style=\"text-transform:none\"><\/p>\n\n\n\n<p class=\"wp-block-paragraph\"><\/p>\n\n\n\n<p class=\"wp-block-paragraph\" style=\"text-transform:uppercase\">&nbsp;<\/p>\n\n\n\n<p class=\"wp-block-paragraph\"><\/p>\n","protected":false},"excerpt":{"rendered":"<p>JANV 2026 5 au 10 janvier Voir le loup (Version duo). R\u00e9sidence Voir le loupII Espace Jacques Villeret \u00e0 Tours (37). 24 janv. L\u00e9on, du &hellip; <\/p>\n","protected":false},"author":1,"featured_media":0,"parent":0,"menu_order":0,"comment_status":"closed","ping_status":"closed","template":"","meta":{"footnotes":""},"class_list":["post-389","page","type-page","status-publish","hentry","latest_post"],"_links":{"self":[{"href":"https:\/\/lasensible.com\/index.php?rest_route=\/wp\/v2\/pages\/389","targetHints":{"allow":["GET"]}}],"collection":[{"href":"https:\/\/lasensible.com\/index.php?rest_route=\/wp\/v2\/pages"}],"about":[{"href":"https:\/\/lasensible.com\/index.php?rest_route=\/wp\/v2\/types\/page"}],"author":[{"embeddable":true,"href":"https:\/\/lasensible.com\/index.php?rest_route=\/wp\/v2\/users\/1"}],"replies":[{"embeddable":true,"href":"https:\/\/lasensible.com\/index.php?rest_route=%2Fwp%2Fv2%2Fcomments&post=389"}],"version-history":[{"count":46,"href":"https:\/\/lasensible.com\/index.php?rest_route=\/wp\/v2\/pages\/389\/revisions"}],"predecessor-version":[{"id":784,"href":"https:\/\/lasensible.com\/index.php?rest_route=\/wp\/v2\/pages\/389\/revisions\/784"}],"wp:attachment":[{"href":"https:\/\/lasensible.com\/index.php?rest_route=%2Fwp%2Fv2%2Fmedia&parent=389"}],"curies":[{"name":"wp","href":"https:\/\/api.w.org\/{rel}","templated":true}]}}